{"id":14132,"date":"2022-11-21T17:31:13","date_gmt":"2022-11-21T17:31:13","guid":{"rendered":"https:\/\/staging.gimnasiovermont.edu.co\/department-of-philosophy\/"},"modified":"2022-12-26T21:22:03","modified_gmt":"2022-12-26T21:22:03","slug":"department-of-philosophy","status":"publish","type":"page","link":"https:\/\/staging.gimnasiovermont.edu.co\/en\/department-of-philosophy\/","title":{"rendered":"Department of Philosophy"},"content":{"rendered":"\n<div class=\"wp-block-columns is-layout-flex wp-container-core-columns-is-layout-1 wp-block-columns-is-layout-flex\">\n<div class=\"wp-block-column is-layout-flow wp-block-column-is-layout-flow\" style=\"flex-basis:100%\">\n<figure class=\"wp-block-image alignwide size-full claseImagenes4\"><img decoding=\"async\" width=\"1000\" height=\"200\" src=\"https:\/\/staging.gimnasiovermont.edu.co\/wp-content\/uploads\/2021\/09\/Diseno-sin-titulo-1-1.png\" alt=\"\" class=\"wp-image-4915\" srcset=\"https:\/\/staging.gimnasiovermont.edu.co\/wp-content\/uploads\/2021\/09\/Diseno-sin-titulo-1-1.png 1000w, https:\/\/staging.gimnasiovermont.edu.co\/wp-content\/uploads\/2021\/09\/Diseno-sin-titulo-1-1-300x60.png 300w, https:\/\/staging.gimnasiovermont.edu.co\/wp-content\/uploads\/2021\/09\/Diseno-sin-titulo-1-1-768x154.png 768w\" sizes=\"(max-width: 1000px) 100vw, 1000px\" \/><\/figure>\n<\/div>\n<\/div>\n\n<div class=\"wp-block-columns is-layout-flex wp-container-core-columns-is-layout-2 wp-block-columns-is-layout-flex\">\n<div class=\"wp-block-column is-layout-flow wp-block-column-is-layout-flow\">\n<figure class=\"wp-block-image size-large is-resized\"><img decoding=\"async\" src=\"https:\/\/staging.gimnasiovermont.edu.co\/wp-content\/uploads\/2021\/09\/IMG_3168-edited-1024x640.jpg\" alt=\"\" class=\"wp-image-4903\" width=\"350\" height=\"230\"\/><\/figure>\n<\/div>\n\n\n\n<div class=\"wp-block-column is-layout-flow wp-block-column-is-layout-flow\">\n<p>The philosophical exercise at <strong>Gimnasio Vermont<\/strong> contributes to the development of thinking skills, promotes research and deep analysis of ideas, and generates argumentative and discursive skills that favor the development of critical thinking. Likewise, it increases receptivity, listening, care, autonomy, cooperation and cordiality.<\/p>\n<\/div>\n<\/div>\n\n<p>At Gimnasio Vermont, Philosophy is a subject that is studied from ninth grade on. There, part of the history of ideas in the West is addressed with the purpose that students appropriate a general panorama of philosophy and at the same time develop skills in reading, analysis, and discussion of the philosophical text. In the tenth and eleventh grades, lessons follow the guidelines of the IB Program, which proposes a critical and reflective analysis of different topics related to the essence of the human being, his attitudes and his behaviors. In addition, our students develop the Internal Assessment (essay) in which they analyze non-philosophical material (advertisements, cartoons, news and others) from a philosophical perspective.<\/p>\n\n<p class=\"has-normal-font-size\"><strong>Theory of knowledge<\/strong><\/p>\n\n<div class=\"wp-block-columns is-layout-flex wp-container-core-columns-is-layout-3 wp-block-columns-is-layout-flex\">\n<div class=\"wp-block-column is-layout-flow wp-block-column-is-layout-flow\">\n<figure class=\"wp-block-image size-large is-resized\"><img decoding=\"async\" src=\"https:\/\/staging.gimnasiovermont.edu.co\/wp-content\/uploads\/2021\/09\/DSCN4752-edited-scaled.jpg\" alt=\"\" class=\"wp-image-4896\" width=\"350\" height=\"230\"\/><\/figure>\n<\/div>\n\n\n\n<div class=\"wp-block-column is-layout-flow wp-block-column-is-layout-flow\">\n<p>In the tenth and eleventh grades, the <strong>Theory of Knowledge<\/strong> course explores questions about knowledge and the process that is inherent in it. Students establish links between the different areas of knowledge, involving thoughts, feelings and actions, to become aware of the value of their own perspectives and those of others.<\/p>\n<\/div>\n<\/div>\n\n<p class=\"has-normal-font-size\"><strong>What do our students say?<\/strong><\/p>\n\n<div class=\"wp-block-columns is-layout-flex wp-container-core-columns-is-layout-4 wp-block-columns-is-layout-flex\">\n<div class=\"wp-block-column is-layout-flow wp-block-column-is-layout-flow\">\n<blockquote class=\"wp-block-quote is-layout-flow wp-block-quote-is-layout-flow\">\n<p>&#8220;El colegio me inculc\u00f3 una fascinaci\u00f3n por la <strong>Filosof\u00eda <\/strong>que espero me acompa\u00f1e toda la vida. Cada vez m\u00e1s la relaciono con todo lo que me rodea&#8221;.<\/p>\n<cite><strong><em><em><strong>Valeria Mojica, class of 2021<\/strong><\/em><\/em><\/strong><\/cite><\/blockquote>\n<\/div>\n\n\n\n<div class=\"wp-block-column is-layout-flow wp-block-column-is-layout-flow\">\n<blockquote class=\"wp-block-quote is-layout-flow wp-block-quote-is-layout-flow\">\n<p>&#8220;La <strong>Filosof\u00eda <\/strong>es el sendero por el cual se nos gu\u00eda a permanecer siempre expectantes, con los ojos abiertos, dispuestos a seguir buscando en un sendero sin fin, que, a pesar de no llegar a puerto fijo, siempre se ve iluminado a la luz del amor por el valor del acto y la m\u00ednima posibilidad&#8221;.<\/p>\n<cite><strong><em><strong><em><em><strong>Sim\u00f3n Chaparro, class of 2021<\/strong><\/em><\/em><\/strong><\/em><\/strong><\/cite><\/blockquote>\n<\/div>\n<\/div>\n\n<div class=\"wp-block-columns is-layout-flex wp-container-core-columns-is-layout-5 wp-block-columns-is-layout-flex\">\n<div class=\"wp-block-column is-layout-flow wp-block-column-is-layout-flow\">\n<div class=\"wp-block-image\"><figure class=\"alignright size-large is-resized\"><a href=\"https:\/\/staging.gimnasiovermont.edu.co\/admisiones\/\"><img decoding=\"async\" src=\"https:\/\/staging.gimnasiovermont.edu.co\/wp-content\/uploads\/2020\/11\/mision-3.svg\" alt=\"\" class=\"wp-image-275\" width=\"95\" height=\"95\" srcset=\"https:\/\/staging.gimnasiovermont.edu.co\/wp-content\/uploads\/\/2020\/11\/mision-3.svg 150w, https:\/\/staging.gimnasiovermont.edu.co\/wp-content\/uploads\/\/2020\/11\/mision-3.svg 300w, https:\/\/staging.gimnasiovermont.edu.co\/wp-content\/uploads\/\/2020\/11\/mision-3.svg 1024w\" sizes=\"(max-width: 95px) 100vw, 95px\" \/><\/a><figcaption><a href=\"https:\/\/staging.gimnasiovermont.edu.co\/admisiones\/\" target=\"_blank\" rel=\"noreferrer noopener\">Admisiones<\/a><\/figcaption><\/figure><\/div>\n<\/div>\n\n\n\n<div class=\"wp-block-column is-layout-flow wp-block-column-is-layout-flow\">\n<div class=\"wp-block-image\"><figure class=\"aligncenter size-full is-resized\"><a href=\"https:\/\/staging.gimnasiovermont.edu.co\/bachillerato-internacional\/\"><img decoding=\"async\" src=\"https:\/\/staging.gimnasiovermont.edu.co\/wp-content\/uploads\/2020\/11\/mision-1.png\" alt=\"\" class=\"wp-image-269\" width=\"95\" height=\"95\"\/><\/a><figcaption><a href=\"https:\/\/staging.gimnasiovermont.edu.co\/bachillerato-internacional\/\" target=\"_blank\" rel=\"noreferrer noopener\">Bachillerato Internacional<\/a><\/figcaption><\/figure><\/div>\n<\/div>\n\n\n\n<div class=\"wp-block-column is-layout-flow wp-block-column-is-layout-flow\">\n<div class=\"wp-block-image is-style-rounded\"><figure class=\"alignleft size-large is-resized\"><a href=\"https:\/\/staging.gimnasiovermont.edu.co\/nosotros\/apoyo-escolar\/\"><img decoding=\"async\" src=\"https:\/\/staging.gimnasiovermont.edu.co\/wp-content\/uploads\/2021\/07\/Copia-de-White-Charcoal-Minimalist-Beer-Illustration-Birthday-Invitation-1024x1024.jpg\" alt=\"\" class=\"wp-image-2274\" width=\"96\" height=\"96\" srcset=\"https:\/\/staging.gimnasiovermont.edu.co\/wp-content\/uploads\/2021\/07\/Copia-de-White-Charcoal-Minimalist-Beer-Illustration-Birthday-Invitation-1024x1024.jpg 1024w, https:\/\/staging.gimnasiovermont.edu.co\/wp-content\/uploads\/2021\/07\/Copia-de-White-Charcoal-Minimalist-Beer-Illustration-Birthday-Invitation-300x300.jpg 300w, https:\/\/staging.gimnasiovermont.edu.co\/wp-content\/uploads\/2021\/07\/Copia-de-White-Charcoal-Minimalist-Beer-Illustration-Birthday-Invitation-150x150.jpg 150w, https:\/\/staging.gimnasiovermont.edu.co\/wp-content\/uploads\/2021\/07\/Copia-de-White-Charcoal-Minimalist-Beer-Illustration-Birthday-Invitation-768x768.jpg 768w, https:\/\/staging.gimnasiovermont.edu.co\/wp-content\/uploads\/2021\/07\/Copia-de-White-Charcoal-Minimalist-Beer-Illustration-Birthday-Invitation-1536x1536.jpg 1536w, https:\/\/staging.gimnasiovermont.edu.co\/wp-content\/uploads\/2021\/07\/Copia-de-White-Charcoal-Minimalist-Beer-Illustration-Birthday-Invitation.jpg 1654w\" sizes=\"(max-width: 96px) 100vw, 96px\" \/><\/a><figcaption><a href=\"https:\/\/staging.gimnasiovermont.edu.co\/nosotros\/apoyo-escolar\/\" target=\"_blank\" rel=\"noreferrer noopener\">Apoyo Escolar<\/a><\/figcaption><\/figure><\/div>\n<\/div>\n<\/div>\n\n<hr class=\"wp-block-separator has-text-color has-css-opacity has-background\" style=\"background-color:#8d0606;color:#8d0606\"\/>\n","protected":false},"excerpt":{"rendered":"<p>The philosophical exercise at Gimnasio Vermont contributes to the development of thinking skills, promotes research and deep analysis of ideas, [&hellip;]<\/p>\n","protected":false},"author":2,"featured_media":0,"parent":0,"menu_order":0,"comment_status":"open","ping_status":"closed","template":"","meta":{"_uag_custom_page_level_css":"","ub_ctt_via":"","advgb_blocks_editor_width":"","advgb_blocks_columns_visual_guide":"","_joinchat":[],"footnotes":""},"class_list":["post-14132","page","type-page","status-publish","hentry"],"featured_image_src":null,"yoast_head":"<!-- This site is optimized with the Yoast SEO plugin v25.9 - https:\/\/yoast.com\/wordpress\/plugins\/seo\/ -->\n<title>Department of Philosophy - Gimnasio Vermont<\/title>\n<meta name=\"description\" content=\"La filosof\u00eda en el Gimnasio Vermont contribuye al desarrollo de habilidades de pensamiento, promueve la investigaci\u00f3n y el an\u00e1lisis profundo de las ideas, genera destrezas argumentativas y discursivas que favorecen el desarrollo del pensamiento cr\u00edtico.\" \/>\n<meta name=\"robots\" content=\"noindex, follow, max-snippet:-1, max-image-preview:large, max-video-preview:-1\" \/>\n<meta property=\"og:locale\" content=\"en_US\" \/>\n<meta property=\"og:type\" content=\"article\" \/>\n<meta property=\"og:title\" content=\"Department of Philosophy - Gimnasio Vermont\" \/>\n<meta property=\"og:description\" content=\"La filosof\u00eda en el Gimnasio Vermont contribuye al desarrollo de habilidades de pensamiento, promueve la investigaci\u00f3n y el an\u00e1lisis profundo de las ideas, genera destrezas argumentativas y discursivas que favorecen el desarrollo del pensamiento cr\u00edtico.\" \/>\n<meta property=\"og:url\" content=\"https:\/\/staging.gimnasiovermont.edu.co\/en\/department-of-philosophy\/\" \/>\n<meta property=\"og:site_name\" content=\"Gimnasio Vermont\" \/>\n<meta property=\"article:modified_time\" content=\"2022-12-26T21:22:03+00:00\" \/>\n<meta property=\"og:image\" content=\"https:\/\/staging.gimnasiovermont.edu.co\/wp-content\/uploads\/2021\/09\/Diseno-sin-titulo-1-1.png\" \/>\n<meta name=\"twitter:card\" content=\"summary_large_image\" \/>\n<meta name=\"twitter:label1\" content=\"Est. reading time\" \/>\n\t<meta name=\"twitter:data1\" content=\"2 minutes\" \/>\n<script type=\"application\/ld+json\" class=\"yoast-schema-graph\">{\"@context\":\"https:\/\/schema.org\",\"@graph\":[{\"@type\":\"WebPage\",\"@id\":\"https:\/\/staging.gimnasiovermont.edu.co\/en\/department-of-philosophy\/\",\"url\":\"https:\/\/staging.gimnasiovermont.edu.co\/en\/department-of-philosophy\/\",\"name\":\"Department of Philosophy - Gimnasio Vermont\",\"isPartOf\":{\"@id\":\"https:\/\/staging.gimnasiovermont.edu.co\/#website\"},\"primaryImageOfPage\":{\"@id\":\"https:\/\/staging.gimnasiovermont.edu.co\/en\/department-of-philosophy\/#primaryimage\"},\"image\":{\"@id\":\"https:\/\/staging.gimnasiovermont.edu.co\/en\/department-of-philosophy\/#primaryimage\"},\"thumbnailUrl\":\"https:\/\/staging.gimnasiovermont.edu.co\/wp-content\/uploads\/2021\/09\/Diseno-sin-titulo-1-1.png\",\"datePublished\":\"2022-11-21T17:31:13+00:00\",\"dateModified\":\"2022-12-26T21:22:03+00:00\",\"description\":\"La filosof\u00eda en el Gimnasio Vermont contribuye al desarrollo de habilidades de pensamiento, promueve la investigaci\u00f3n y el an\u00e1lisis profundo de las ideas, genera destrezas argumentativas y discursivas que favorecen el desarrollo del pensamiento cr\u00edtico.\",\"breadcrumb\":{\"@id\":\"https:\/\/staging.gimnasiovermont.edu.co\/en\/department-of-philosophy\/#breadcrumb\"},\"inLanguage\":\"en-US\",\"potentialAction\":[{\"@type\":\"ReadAction\",\"target\":[\"https:\/\/staging.gimnasiovermont.edu.co\/en\/department-of-philosophy\/\"]}]},{\"@type\":\"ImageObject\",\"inLanguage\":\"en-US\",\"@id\":\"https:\/\/staging.gimnasiovermont.edu.co\/en\/department-of-philosophy\/#primaryimage\",\"url\":\"https:\/\/staging.gimnasiovermont.edu.co\/wp-content\/uploads\/2021\/09\/Diseno-sin-titulo-1-1.png\",\"contentUrl\":\"https:\/\/staging.gimnasiovermont.edu.co\/wp-content\/uploads\/2021\/09\/Diseno-sin-titulo-1-1.png\"},{\"@type\":\"BreadcrumbList\",\"@id\":\"https:\/\/staging.gimnasiovermont.edu.co\/en\/department-of-philosophy\/#breadcrumb\",\"itemListElement\":[{\"@type\":\"ListItem\",\"position\":1,\"name\":\"Inicio\",\"item\":\"https:\/\/staging.gimnasiovermont.edu.co\/en\/\"},{\"@type\":\"ListItem\",\"position\":2,\"name\":\"Department of Philosophy\"}]},{\"@type\":\"WebSite\",\"@id\":\"https:\/\/staging.gimnasiovermont.edu.co\/#website\",\"url\":\"https:\/\/staging.gimnasiovermont.edu.co\/\",\"name\":\"Gimnasio Vermont\",\"description\":\"\",\"publisher\":{\"@id\":\"https:\/\/staging.gimnasiovermont.edu.co\/#organization\"},\"potentialAction\":[{\"@type\":\"SearchAction\",\"target\":{\"@type\":\"EntryPoint\",\"urlTemplate\":\"https:\/\/staging.gimnasiovermont.edu.co\/?s={search_term_string}\"},\"query-input\":{\"@type\":\"PropertyValueSpecification\",\"valueRequired\":true,\"valueName\":\"search_term_string\"}}],\"inLanguage\":\"en-US\"},{\"@type\":\"Organization\",\"@id\":\"https:\/\/staging.gimnasiovermont.edu.co\/#organization\",\"name\":\"Gimnasio Vermont\",\"url\":\"https:\/\/staging.gimnasiovermont.edu.co\/\",\"logo\":{\"@type\":\"ImageObject\",\"inLanguage\":\"en-US\",\"@id\":\"https:\/\/staging.gimnasiovermont.edu.co\/#\/schema\/logo\/image\/\",\"url\":\"https:\/\/staging.gimnasiovermont.edu.co\/wp-content\/uploads\/2021\/01\/logo.svg\",\"contentUrl\":\"https:\/\/staging.gimnasiovermont.edu.co\/wp-content\/uploads\/2021\/01\/logo.svg\",\"caption\":\"Gimnasio Vermont\"},\"image\":{\"@id\":\"https:\/\/staging.gimnasiovermont.edu.co\/#\/schema\/logo\/image\/\"}}]}<\/script>\n<!-- \/ Yoast SEO plugin. -->","yoast_head_json":{"title":"Department of Philosophy - Gimnasio Vermont","description":"La filosof\u00eda en el Gimnasio Vermont contribuye al desarrollo de habilidades de pensamiento, promueve la investigaci\u00f3n y el an\u00e1lisis profundo de las ideas, genera destrezas argumentativas y discursivas que favorecen el desarrollo del pensamiento cr\u00edtico.","robots":{"index":"noindex","follow":"follow","max-snippet":"max-snippet:-1","max-image-preview":"max-image-preview:large","max-video-preview":"max-video-preview:-1"},"og_locale":"en_US","og_type":"article","og_title":"Department of Philosophy - Gimnasio Vermont","og_description":"La filosof\u00eda en el Gimnasio Vermont contribuye al desarrollo de habilidades de pensamiento, promueve la investigaci\u00f3n y el an\u00e1lisis profundo de las ideas, genera destrezas argumentativas y discursivas que favorecen el desarrollo del pensamiento cr\u00edtico.","og_url":"https:\/\/staging.gimnasiovermont.edu.co\/en\/department-of-philosophy\/","og_site_name":"Gimnasio Vermont","article_modified_time":"2022-12-26T21:22:03+00:00","og_image":[{"url":"https:\/\/staging.gimnasiovermont.edu.co\/wp-content\/uploads\/2021\/09\/Diseno-sin-titulo-1-1.png","type":"","width":"","height":""}],"twitter_card":"summary_large_image","twitter_misc":{"Est. reading time":"2 minutes"},"schema":{"@context":"https:\/\/schema.org","@graph":[{"@type":"WebPage","@id":"https:\/\/staging.gimnasiovermont.edu.co\/en\/department-of-philosophy\/","url":"https:\/\/staging.gimnasiovermont.edu.co\/en\/department-of-philosophy\/","name":"Department of Philosophy - Gimnasio Vermont","isPartOf":{"@id":"https:\/\/staging.gimnasiovermont.edu.co\/#website"},"primaryImageOfPage":{"@id":"https:\/\/staging.gimnasiovermont.edu.co\/en\/department-of-philosophy\/#primaryimage"},"image":{"@id":"https:\/\/staging.gimnasiovermont.edu.co\/en\/department-of-philosophy\/#primaryimage"},"thumbnailUrl":"https:\/\/staging.gimnasiovermont.edu.co\/wp-content\/uploads\/2021\/09\/Diseno-sin-titulo-1-1.png","datePublished":"2022-11-21T17:31:13+00:00","dateModified":"2022-12-26T21:22:03+00:00","description":"La filosof\u00eda en el Gimnasio Vermont contribuye al desarrollo de habilidades de pensamiento, promueve la investigaci\u00f3n y el an\u00e1lisis profundo de las ideas, genera destrezas argumentativas y discursivas que favorecen el desarrollo del pensamiento cr\u00edtico.","breadcrumb":{"@id":"https:\/\/staging.gimnasiovermont.edu.co\/en\/department-of-philosophy\/#breadcrumb"},"inLanguage":"en-US","potentialAction":[{"@type":"ReadAction","target":["https:\/\/staging.gimnasiovermont.edu.co\/en\/department-of-philosophy\/"]}]},{"@type":"ImageObject","inLanguage":"en-US","@id":"https:\/\/staging.gimnasiovermont.edu.co\/en\/department-of-philosophy\/#primaryimage","url":"https:\/\/staging.gimnasiovermont.edu.co\/wp-content\/uploads\/2021\/09\/Diseno-sin-titulo-1-1.png","contentUrl":"https:\/\/staging.gimnasiovermont.edu.co\/wp-content\/uploads\/2021\/09\/Diseno-sin-titulo-1-1.png"},{"@type":"BreadcrumbList","@id":"https:\/\/staging.gimnasiovermont.edu.co\/en\/department-of-philosophy\/#breadcrumb","itemListElement":[{"@type":"ListItem","position":1,"name":"Inicio","item":"https:\/\/staging.gimnasiovermont.edu.co\/en\/"},{"@type":"ListItem","position":2,"name":"Department of Philosophy"}]},{"@type":"WebSite","@id":"https:\/\/staging.gimnasiovermont.edu.co\/#website","url":"https:\/\/staging.gimnasiovermont.edu.co\/","name":"Gimnasio Vermont","description":"","publisher":{"@id":"https:\/\/staging.gimnasiovermont.edu.co\/#organization"},"potentialAction":[{"@type":"SearchAction","target":{"@type":"EntryPoint","urlTemplate":"https:\/\/staging.gimnasiovermont.edu.co\/?s={search_term_string}"},"query-input":{"@type":"PropertyValueSpecification","valueRequired":true,"valueName":"search_term_string"}}],"inLanguage":"en-US"},{"@type":"Organization","@id":"https:\/\/staging.gimnasiovermont.edu.co\/#organization","name":"Gimnasio Vermont","url":"https:\/\/staging.gimnasiovermont.edu.co\/","logo":{"@type":"ImageObject","inLanguage":"en-US","@id":"https:\/\/staging.gimnasiovermont.edu.co\/#\/schema\/logo\/image\/","url":"https:\/\/staging.gimnasiovermont.edu.co\/wp-content\/uploads\/2021\/01\/logo.svg","contentUrl":"https:\/\/staging.gimnasiovermont.edu.co\/wp-content\/uploads\/2021\/01\/logo.svg","caption":"Gimnasio Vermont"},"image":{"@id":"https:\/\/staging.gimnasiovermont.edu.co\/#\/schema\/logo\/image\/"}}]}},"uagb_featured_image_src":{"full":false,"thumbnail":false,"medium":false,"medium_large":false,"large":false,"1536x1536":false,"2048x2048":false},"uagb_author_info":{"display_name":"Daniela Vargas Nieto","author_link":"https:\/\/staging.gimnasiovermont.edu.co\/en\/author\/comunicacionesgimnasiovermont-edu-co\/"},"uagb_comment_info":0,"uagb_excerpt":"The philosophical exercise at Gimnasio Vermont contributes to the development of thinking skills, promotes research and deep analysis of ideas, [&hellip;]","coauthors":[],"author_meta":{"author_link":"https:\/\/staging.gimnasiovermont.edu.co\/en\/author\/comunicacionesgimnasiovermont-edu-co\/","display_name":"Daniela Vargas Nieto"},"relative_dates":{"created":"Posted 3 years ago","modified":"Updated 3 years ago"},"absolute_dates":{"created":"Posted on November 21, 2022","modified":"Updated on December 26, 2022"},"absolute_dates_time":{"created":"Posted on November 21, 2022 5:31 pm","modified":"Updated on December 26, 2022 9:22 pm"},"featured_img_caption":"","featured_img":false,"series_order":"","jetpack_sharing_enabled":true,"_links":{"self":[{"href":"https:\/\/staging.gimnasiovermont.edu.co\/en\/wp-json\/wp\/v2\/pages\/14132","targetHints":{"allow":["GET"]}}],"collection":[{"href":"https:\/\/staging.gimnasiovermont.edu.co\/en\/wp-json\/wp\/v2\/pages"}],"about":[{"href":"https:\/\/staging.gimnasiovermont.edu.co\/en\/wp-json\/wp\/v2\/types\/page"}],"author":[{"embeddable":true,"href":"https:\/\/staging.gimnasiovermont.edu.co\/en\/wp-json\/wp\/v2\/users\/2"}],"replies":[{"embeddable":true,"href":"https:\/\/staging.gimnasiovermont.edu.co\/en\/wp-json\/wp\/v2\/comments?post=14132"}],"version-history":[{"count":0,"href":"https:\/\/staging.gimnasiovermont.edu.co\/en\/wp-json\/wp\/v2\/pages\/14132\/revisions"}],"wp:attachment":[{"href":"https:\/\/staging.gimnasiovermont.edu.co\/en\/wp-json\/wp\/v2\/media?parent=14132"}],"curies":[{"name":"wp","href":"https:\/\/api.w.org\/{rel}","templated":true}]}}