{"id":14191,"date":"2022-11-21T18:36:51","date_gmt":"2022-11-21T18:36:51","guid":{"rendered":"https:\/\/staging.gimnasiovermont.edu.co\/department-of-religious-formation\/"},"modified":"2022-11-21T18:40:03","modified_gmt":"2022-11-21T18:40:03","slug":"department-of-religious-formation","status":"publish","type":"page","link":"https:\/\/staging.gimnasiovermont.edu.co\/en\/department-of-religious-formation\/","title":{"rendered":"Department of Religious Formation"},"content":{"rendered":"\n<div class=\"wp-block-columns is-layout-flex wp-container-core-columns-is-layout-2 wp-block-columns-is-layout-flex\">\n<div class=\"wp-block-column is-layout-flow wp-block-column-is-layout-flow\">\n<figure class=\"wp-block-image alignwide size-full\"><img decoding=\"async\" width=\"1000\" height=\"200\" src=\"https:\/\/staging.gimnasiovermont.edu.co\/wp-content\/uploads\/2021\/09\/Diseno-sin-titulo-6.png\" alt=\"\" class=\"wp-image-4991\" srcset=\"https:\/\/staging.gimnasiovermont.edu.co\/wp-content\/uploads\/2021\/09\/Diseno-sin-titulo-6.png 1000w, https:\/\/staging.gimnasiovermont.edu.co\/wp-content\/uploads\/2021\/09\/Diseno-sin-titulo-6-300x60.png 300w, https:\/\/staging.gimnasiovermont.edu.co\/wp-content\/uploads\/2021\/09\/Diseno-sin-titulo-6-768x154.png 768w\" sizes=\"(max-width: 1000px) 100vw, 1000px\" \/><\/figure>\n\n\n\n<p>The Religious Formation in our children and teens is aimed towards the principles and values of the Catholic religion, and it is in the daily experience of: honesty, solidarity, compassion and dedication to others, through the message of Christ as expression of service, that they enrich their spiritual dimension throughout schooling.<\/p>\n\n\n\n<p>As an expression of the experience of their faith, we prepare and celebrate with the children the Sacraments of Reconciliation and <strong>First Communion<\/strong> in 3rd grade of primary school. With the teens, we celebrate the reaffirmation of their Catholic faith through the sacrament of Confirmation in 9th grade.<\/p>\n\n\n\n<div class=\"wp-block-columns is-layout-flex wp-container-core-columns-is-layout-1 wp-block-columns-is-layout-flex\">\n<div class=\"wp-block-column is-layout-flow wp-block-column-is-layout-flow\">\n<p><strong>First communions<\/strong><\/p>\n\n\n\n<figure class=\"wp-block-embed is-type-video is-provider-youtube wp-block-embed-youtube wp-embed-aspect-16-9 wp-has-aspect-ratio\"><div class=\"wp-block-embed__wrapper\">\n<iframe title=\"Primeras Comuniones en el Gimnasio Vermont\" width=\"980\" height=\"551\" src=\"https:\/\/www.youtube.com\/embed\/PZZWRR65xi0?feature=oembed\" frameborder=\"0\" allow=\"accelerometer; autoplay; clipboard-write; encrypted-media; gyroscope; picture-in-picture\" allowfullscreen><\/iframe>\n<\/div><\/figure>\n<\/div>\n\n\n\n<div class=\"wp-block-column is-layout-flow wp-block-column-is-layout-flow\">\n<p><strong>Confirmations<\/strong><\/p>\n\n\n\n<figure class=\"wp-block-embed is-type-video is-provider-youtube wp-block-embed-youtube wp-embed-aspect-16-9 wp-has-aspect-ratio\"><div class=\"wp-block-embed__wrapper\">\n<iframe title=\"Confirmaciones en el Gimnasio Vermont\" width=\"980\" height=\"551\" src=\"https:\/\/www.youtube.com\/embed\/UhZ7c9e9BtM?feature=oembed\" frameborder=\"0\" allow=\"accelerometer; autoplay; clipboard-write; encrypted-media; gyroscope; picture-in-picture\" allowfullscreen><\/iframe>\n<\/div><\/figure>\n<\/div>\n<\/div>\n\n\n\n<p>During the year, the students of different classes access the Sacrament of Reconciliation and the Eucharist. The area&#8217;s ecumenical approach calls for dialogue that enriches mutual growth and respect between Catholic Christians and other faiths.<\/p>\n\n\n\n<p><strong>Creativity, Activity and Service (CAS) Program<\/strong><\/p>\n\n\n\n<p>The CAS  (Creativity, Activity and Service) Program, is part of the International Baccalaureate Diploma. At Vermont, it starts in preschool and is integrated into the life project of the students.<\/p>\n\n\n\n<p>The purpose of the program is that, from the earliest years, children align their life project with service, typical of the new generations as concrete signs of solidarity and healthy coexistence.<\/p>\n\n\n\n<p>CAS becomes an added value in the education offered by Gimnasio Vermont for students, families and society. Thus, we train &#8220;leaders committed to the transformation of the country and citizens of the world&#8221;.<\/p>\n\n\n\n<p>This is possible because in this program our students receive the tools to respond to the specific needs of the global community, as a demonstration of attitudes and values learned in their religious formation, to participate in the construction of a more humane and just world attending to the care of the Common Home, proposed by Pope Francis in the <a href=\"https:\/\/www.vatican.va\/content\/francesco\/es\/encyclicals\/documents\/papa-francesco_20150524_enciclica-laudato-si.html\" target=\"_blank\" rel=\"noreferrer noopener\">Enc\u00edclica Laudato S\u00ed\u2019<\/a>.<\/p>\n\n\n\n<p>Formation in autonomy and service makes them feel recognized as people, who have generosity and openness in their minds and hearts, to shelter those most in need in their lives. Based on these principles, our students establish links with different foundations and communities, leaving a mark of solidarity, love and respect.<\/p>\n\n\n\n<figure class=\"wp-block-gallery has-nested-images columns-default is-cropped wp-block-gallery-1 is-layout-flex wp-block-gallery-is-layout-flex\">\n<figure class=\"wp-block-image size-large\"><img decoding=\"async\" width=\"1024\" height=\"683\" src=\"https:\/\/staging.gimnasiovermont.edu.co\/wp-content\/uploads\/2021\/11\/IMG_5359-1024x683.jpg\" alt=\"\" class=\"wp-image-6778\" srcset=\"https:\/\/staging.gimnasiovermont.edu.co\/wp-content\/uploads\/2021\/11\/IMG_5359-1024x683.jpg 1024w, https:\/\/staging.gimnasiovermont.edu.co\/wp-content\/uploads\/2021\/11\/IMG_5359-300x200.jpg 300w, https:\/\/staging.gimnasiovermont.edu.co\/wp-content\/uploads\/2021\/11\/IMG_5359-768x512.jpg 768w, https:\/\/staging.gimnasiovermont.edu.co\/wp-content\/uploads\/2021\/11\/IMG_5359-1536x1024.jpg 1536w, https:\/\/staging.gimnasiovermont.edu.co\/wp-content\/uploads\/2021\/11\/IMG_5359.jpg 1920w\" sizes=\"(max-width: 1024px) 100vw, 1024px\" \/><\/figure>\n\n\n\n<figure class=\"wp-block-image size-large\"><img decoding=\"async\" width=\"1024\" height=\"683\" src=\"https:\/\/staging.gimnasiovermont.edu.co\/wp-content\/uploads\/2021\/11\/IMG_5349-1024x683.jpg\" alt=\"\" class=\"wp-image-6781\" srcset=\"https:\/\/staging.gimnasiovermont.edu.co\/wp-content\/uploads\/2021\/11\/IMG_5349-1024x683.jpg 1024w, https:\/\/staging.gimnasiovermont.edu.co\/wp-content\/uploads\/2021\/11\/IMG_5349-300x200.jpg 300w, https:\/\/staging.gimnasiovermont.edu.co\/wp-content\/uploads\/2021\/11\/IMG_5349-768x512.jpg 768w, https:\/\/staging.gimnasiovermont.edu.co\/wp-content\/uploads\/2021\/11\/IMG_5349-1536x1024.jpg 1536w, https:\/\/staging.gimnasiovermont.edu.co\/wp-content\/uploads\/2021\/11\/IMG_5349.jpg 1920w\" sizes=\"(max-width: 1024px) 100vw, 1024px\" \/><\/figure>\n\n\n\n<figure class=\"wp-block-image size-large\"><img decoding=\"async\" width=\"1024\" height=\"683\" src=\"https:\/\/staging.gimnasiovermont.edu.co\/wp-content\/uploads\/2021\/11\/IMG_5373-1024x683.jpg\" alt=\"\" class=\"wp-image-6775\" srcset=\"https:\/\/staging.gimnasiovermont.edu.co\/wp-content\/uploads\/2021\/11\/IMG_5373-1024x683.jpg 1024w, https:\/\/staging.gimnasiovermont.edu.co\/wp-content\/uploads\/2021\/11\/IMG_5373-300x200.jpg 300w, https:\/\/staging.gimnasiovermont.edu.co\/wp-content\/uploads\/2021\/11\/IMG_5373-768x512.jpg 768w, https:\/\/staging.gimnasiovermont.edu.co\/wp-content\/uploads\/2021\/11\/IMG_5373-1536x1024.jpg 1536w, https:\/\/staging.gimnasiovermont.edu.co\/wp-content\/uploads\/2021\/11\/IMG_5373.jpg 1920w\" sizes=\"(max-width: 1024px) 100vw, 1024px\" \/><\/figure>\n<\/figure>\n<\/div>\n<\/div>\n\n\n\n<div class=\"wp-block-columns is-layout-flex wp-container-core-columns-is-layout-3 wp-block-columns-is-layout-flex\">\n<div class=\"wp-block-column is-layout-flow wp-block-column-is-layout-flow\">\n<div class=\"wp-block-image\"><figure class=\"alignright size-large is-resized\"><a href=\"https:\/\/staging.gimnasiovermont.edu.co\/admisiones\/\"><img decoding=\"async\" src=\"https:\/\/staging.gimnasiovermont.edu.co\/wp-content\/uploads\/2020\/11\/mision-3.svg\" alt=\"\" class=\"wp-image-275\" width=\"95\" height=\"95\" srcset=\"https:\/\/staging.gimnasiovermont.edu.co\/wp-content\/uploads\/\/2020\/11\/mision-3.svg 150w, https:\/\/staging.gimnasiovermont.edu.co\/wp-content\/uploads\/\/2020\/11\/mision-3.svg 300w, https:\/\/staging.gimnasiovermont.edu.co\/wp-content\/uploads\/\/2020\/11\/mision-3.svg 1024w\" sizes=\"(max-width: 95px) 100vw, 95px\" \/><\/a><figcaption><a href=\"https:\/\/staging.gimnasiovermont.edu.co\/admisiones\/\" target=\"_blank\" rel=\"noreferrer noopener\">Admisiones<\/a><\/figcaption><\/figure><\/div>\n<\/div>\n\n\n\n<div class=\"wp-block-column is-layout-flow wp-block-column-is-layout-flow\">\n<div class=\"wp-block-image\"><figure class=\"aligncenter size-full is-resized\"><a href=\"https:\/\/staging.gimnasiovermont.edu.co\/bachillerato-internacional\/\"><img decoding=\"async\" src=\"https:\/\/staging.gimnasiovermont.edu.co\/wp-content\/uploads\/2020\/11\/mision-1.png\" alt=\"\" class=\"wp-image-269\" width=\"95\" height=\"95\"\/><\/a><figcaption><a href=\"https:\/\/staging.gimnasiovermont.edu.co\/bachillerato-internacional\/\" target=\"_blank\" rel=\"noreferrer noopener\">Bachillerato Internacional<\/a><\/figcaption><\/figure><\/div>\n<\/div>\n\n\n\n<div class=\"wp-block-column is-layout-flow wp-block-column-is-layout-flow\">\n<div class=\"wp-block-image is-style-rounded\"><figure class=\"alignleft size-large is-resized\"><a href=\"https:\/\/staging.gimnasiovermont.edu.co\/nosotros\/apoyo-escolar\/\"><img decoding=\"async\" src=\"https:\/\/staging.gimnasiovermont.edu.co\/wp-content\/uploads\/2021\/07\/Copia-de-White-Charcoal-Minimalist-Beer-Illustration-Birthday-Invitation-1024x1024.jpg\" alt=\"\" class=\"wp-image-2274\" width=\"96\" height=\"96\" srcset=\"https:\/\/staging.gimnasiovermont.edu.co\/wp-content\/uploads\/2021\/07\/Copia-de-White-Charcoal-Minimalist-Beer-Illustration-Birthday-Invitation-1024x1024.jpg 1024w, https:\/\/staging.gimnasiovermont.edu.co\/wp-content\/uploads\/2021\/07\/Copia-de-White-Charcoal-Minimalist-Beer-Illustration-Birthday-Invitation-300x300.jpg 300w, https:\/\/staging.gimnasiovermont.edu.co\/wp-content\/uploads\/2021\/07\/Copia-de-White-Charcoal-Minimalist-Beer-Illustration-Birthday-Invitation-150x150.jpg 150w, https:\/\/staging.gimnasiovermont.edu.co\/wp-content\/uploads\/2021\/07\/Copia-de-White-Charcoal-Minimalist-Beer-Illustration-Birthday-Invitation-768x768.jpg 768w, https:\/\/staging.gimnasiovermont.edu.co\/wp-content\/uploads\/2021\/07\/Copia-de-White-Charcoal-Minimalist-Beer-Illustration-Birthday-Invitation-1536x1536.jpg 1536w, https:\/\/staging.gimnasiovermont.edu.co\/wp-content\/uploads\/2021\/07\/Copia-de-White-Charcoal-Minimalist-Beer-Illustration-Birthday-Invitation.jpg 1654w\" sizes=\"(max-width: 96px) 100vw, 96px\" \/><\/a><figcaption><a href=\"https:\/\/staging.gimnasiovermont.edu.co\/nosotros\/apoyo-escolar\/\" target=\"_blank\" rel=\"noreferrer noopener\">Apoyo Escolar<\/a><\/figcaption><\/figure><\/div>\n<\/div>\n<\/div>\n","protected":false},"excerpt":{"rendered":"<p>The Religious Formation in our children and teens is aimed towards the principles and values of the Catholic religion, and [&hellip;]<\/p>\n","protected":false},"author":2,"featured_media":0,"parent":0,"menu_order":0,"comment_status":"open","ping_status":"closed","template":"","meta":{"_uag_custom_page_level_css":"","ub_ctt_via":"","advgb_blocks_editor_width":"","advgb_blocks_columns_visual_guide":"","_joinchat":[],"footnotes":""},"class_list":["post-14191","page","type-page","status-publish","hentry"],"featured_image_src":null,"yoast_head":"<!-- This site is optimized with the Yoast SEO plugin v25.9 - https:\/\/yoast.com\/wordpress\/plugins\/seo\/ -->\n<title>Department of Religious Formation - Gimnasio Vermont<\/title>\n<meta name=\"description\" content=\"Como expresi\u00f3n de la vivencia de su fe, preparamos y celebramos con los ni\u00f1os los Sacramentos de la Reconciliaci\u00f3n y la\u00a0Primera Comuni\u00f3n en 3\u00b0 de primaria. \u00a0Con los j\u00f3venes celebramos la reafirmaci\u00f3n de su fe cat\u00f3lica a trav\u00e9s del sacramento de la\u00a0Confirmaci\u00f3n en 9\u00b0\u00a0grado.\" \/>\n<meta name=\"robots\" content=\"noindex, follow, max-snippet:-1, max-image-preview:large, max-video-preview:-1\" \/>\n<meta property=\"og:locale\" content=\"en_US\" \/>\n<meta property=\"og:type\" content=\"article\" \/>\n<meta property=\"og:title\" content=\"Department of Religious Formation - Gimnasio Vermont\" \/>\n<meta property=\"og:description\" content=\"Como expresi\u00f3n de la vivencia de su fe, preparamos y celebramos con los ni\u00f1os los Sacramentos de la Reconciliaci\u00f3n y la\u00a0Primera Comuni\u00f3n en 3\u00b0 de primaria. \u00a0Con los j\u00f3venes celebramos la reafirmaci\u00f3n de su fe cat\u00f3lica a trav\u00e9s del sacramento de la\u00a0Confirmaci\u00f3n en 9\u00b0\u00a0grado.\" \/>\n<meta property=\"og:url\" content=\"https:\/\/staging.gimnasiovermont.edu.co\/en\/department-of-religious-formation\/\" \/>\n<meta property=\"og:site_name\" content=\"Gimnasio Vermont\" \/>\n<meta property=\"article:modified_time\" content=\"2022-11-21T18:40:03+00:00\" \/>\n<meta property=\"og:image\" content=\"https:\/\/staging.gimnasiovermont.edu.co\/wp-content\/uploads\/2021\/09\/Diseno-sin-titulo-6.png\" \/>\n<meta name=\"twitter:card\" content=\"summary_large_image\" \/>\n<meta name=\"twitter:label1\" content=\"Est. reading time\" \/>\n\t<meta name=\"twitter:data1\" content=\"3 minutes\" \/>\n<script type=\"application\/ld+json\" class=\"yoast-schema-graph\">{\"@context\":\"https:\/\/schema.org\",\"@graph\":[{\"@type\":\"WebPage\",\"@id\":\"https:\/\/staging.gimnasiovermont.edu.co\/en\/department-of-religious-formation\/\",\"url\":\"https:\/\/staging.gimnasiovermont.edu.co\/en\/department-of-religious-formation\/\",\"name\":\"Department of Religious Formation - Gimnasio Vermont\",\"isPartOf\":{\"@id\":\"https:\/\/staging.gimnasiovermont.edu.co\/#website\"},\"primaryImageOfPage\":{\"@id\":\"https:\/\/staging.gimnasiovermont.edu.co\/en\/department-of-religious-formation\/#primaryimage\"},\"image\":{\"@id\":\"https:\/\/staging.gimnasiovermont.edu.co\/en\/department-of-religious-formation\/#primaryimage\"},\"thumbnailUrl\":\"https:\/\/staging.gimnasiovermont.edu.co\/wp-content\/uploads\/2021\/09\/Diseno-sin-titulo-6.png\",\"datePublished\":\"2022-11-21T18:36:51+00:00\",\"dateModified\":\"2022-11-21T18:40:03+00:00\",\"description\":\"Como expresi\u00f3n de la vivencia de su fe, preparamos y celebramos con los ni\u00f1os los Sacramentos de la Reconciliaci\u00f3n y la\u00a0Primera Comuni\u00f3n en 3\u00b0 de primaria. \u00a0Con los j\u00f3venes celebramos la reafirmaci\u00f3n de su fe cat\u00f3lica a trav\u00e9s del sacramento de la\u00a0Confirmaci\u00f3n en 9\u00b0\u00a0grado.\",\"breadcrumb\":{\"@id\":\"https:\/\/staging.gimnasiovermont.edu.co\/en\/department-of-religious-formation\/#breadcrumb\"},\"inLanguage\":\"en-US\",\"potentialAction\":[{\"@type\":\"ReadAction\",\"target\":[\"https:\/\/staging.gimnasiovermont.edu.co\/en\/department-of-religious-formation\/\"]}]},{\"@type\":\"ImageObject\",\"inLanguage\":\"en-US\",\"@id\":\"https:\/\/staging.gimnasiovermont.edu.co\/en\/department-of-religious-formation\/#primaryimage\",\"url\":\"https:\/\/staging.gimnasiovermont.edu.co\/wp-content\/uploads\/2021\/09\/Diseno-sin-titulo-6.png\",\"contentUrl\":\"https:\/\/staging.gimnasiovermont.edu.co\/wp-content\/uploads\/2021\/09\/Diseno-sin-titulo-6.png\"},{\"@type\":\"BreadcrumbList\",\"@id\":\"https:\/\/staging.gimnasiovermont.edu.co\/en\/department-of-religious-formation\/#breadcrumb\",\"itemListElement\":[{\"@type\":\"ListItem\",\"position\":1,\"name\":\"Inicio\",\"item\":\"https:\/\/staging.gimnasiovermont.edu.co\/en\/\"},{\"@type\":\"ListItem\",\"position\":2,\"name\":\"Department of Religious Formation\"}]},{\"@type\":\"WebSite\",\"@id\":\"https:\/\/staging.gimnasiovermont.edu.co\/#website\",\"url\":\"https:\/\/staging.gimnasiovermont.edu.co\/\",\"name\":\"Gimnasio Vermont\",\"description\":\"\",\"publisher\":{\"@id\":\"https:\/\/staging.gimnasiovermont.edu.co\/#organization\"},\"potentialAction\":[{\"@type\":\"SearchAction\",\"target\":{\"@type\":\"EntryPoint\",\"urlTemplate\":\"https:\/\/staging.gimnasiovermont.edu.co\/?s={search_term_string}\"},\"query-input\":{\"@type\":\"PropertyValueSpecification\",\"valueRequired\":true,\"valueName\":\"search_term_string\"}}],\"inLanguage\":\"en-US\"},{\"@type\":\"Organization\",\"@id\":\"https:\/\/staging.gimnasiovermont.edu.co\/#organization\",\"name\":\"Gimnasio Vermont\",\"url\":\"https:\/\/staging.gimnasiovermont.edu.co\/\",\"logo\":{\"@type\":\"ImageObject\",\"inLanguage\":\"en-US\",\"@id\":\"https:\/\/staging.gimnasiovermont.edu.co\/#\/schema\/logo\/image\/\",\"url\":\"https:\/\/staging.gimnasiovermont.edu.co\/wp-content\/uploads\/2021\/01\/logo.svg\",\"contentUrl\":\"https:\/\/staging.gimnasiovermont.edu.co\/wp-content\/uploads\/2021\/01\/logo.svg\",\"caption\":\"Gimnasio Vermont\"},\"image\":{\"@id\":\"https:\/\/staging.gimnasiovermont.edu.co\/#\/schema\/logo\/image\/\"}}]}<\/script>\n<!-- \/ Yoast SEO plugin. -->","yoast_head_json":{"title":"Department of Religious Formation - Gimnasio Vermont","description":"Como expresi\u00f3n de la vivencia de su fe, preparamos y celebramos con los ni\u00f1os los Sacramentos de la Reconciliaci\u00f3n y la\u00a0Primera Comuni\u00f3n en 3\u00b0 de primaria. \u00a0Con los j\u00f3venes celebramos la reafirmaci\u00f3n de su fe cat\u00f3lica a trav\u00e9s del sacramento de la\u00a0Confirmaci\u00f3n en 9\u00b0\u00a0grado.","robots":{"index":"noindex","follow":"follow","max-snippet":"max-snippet:-1","max-image-preview":"max-image-preview:large","max-video-preview":"max-video-preview:-1"},"og_locale":"en_US","og_type":"article","og_title":"Department of Religious Formation - Gimnasio Vermont","og_description":"Como expresi\u00f3n de la vivencia de su fe, preparamos y celebramos con los ni\u00f1os los Sacramentos de la Reconciliaci\u00f3n y la\u00a0Primera Comuni\u00f3n en 3\u00b0 de primaria. \u00a0Con los j\u00f3venes celebramos la reafirmaci\u00f3n de su fe cat\u00f3lica a trav\u00e9s del sacramento de la\u00a0Confirmaci\u00f3n en 9\u00b0\u00a0grado.","og_url":"https:\/\/staging.gimnasiovermont.edu.co\/en\/department-of-religious-formation\/","og_site_name":"Gimnasio Vermont","article_modified_time":"2022-11-21T18:40:03+00:00","og_image":[{"url":"https:\/\/staging.gimnasiovermont.edu.co\/wp-content\/uploads\/2021\/09\/Diseno-sin-titulo-6.png","type":"","width":"","height":""}],"twitter_card":"summary_large_image","twitter_misc":{"Est. reading time":"3 minutes"},"schema":{"@context":"https:\/\/schema.org","@graph":[{"@type":"WebPage","@id":"https:\/\/staging.gimnasiovermont.edu.co\/en\/department-of-religious-formation\/","url":"https:\/\/staging.gimnasiovermont.edu.co\/en\/department-of-religious-formation\/","name":"Department of Religious Formation - Gimnasio Vermont","isPartOf":{"@id":"https:\/\/staging.gimnasiovermont.edu.co\/#website"},"primaryImageOfPage":{"@id":"https:\/\/staging.gimnasiovermont.edu.co\/en\/department-of-religious-formation\/#primaryimage"},"image":{"@id":"https:\/\/staging.gimnasiovermont.edu.co\/en\/department-of-religious-formation\/#primaryimage"},"thumbnailUrl":"https:\/\/staging.gimnasiovermont.edu.co\/wp-content\/uploads\/2021\/09\/Diseno-sin-titulo-6.png","datePublished":"2022-11-21T18:36:51+00:00","dateModified":"2022-11-21T18:40:03+00:00","description":"Como expresi\u00f3n de la vivencia de su fe, preparamos y celebramos con los ni\u00f1os los Sacramentos de la Reconciliaci\u00f3n y la\u00a0Primera Comuni\u00f3n en 3\u00b0 de primaria. \u00a0Con los j\u00f3venes celebramos la reafirmaci\u00f3n de su fe cat\u00f3lica a trav\u00e9s del sacramento de la\u00a0Confirmaci\u00f3n en 9\u00b0\u00a0grado.","breadcrumb":{"@id":"https:\/\/staging.gimnasiovermont.edu.co\/en\/department-of-religious-formation\/#breadcrumb"},"inLanguage":"en-US","potentialAction":[{"@type":"ReadAction","target":["https:\/\/staging.gimnasiovermont.edu.co\/en\/department-of-religious-formation\/"]}]},{"@type":"ImageObject","inLanguage":"en-US","@id":"https:\/\/staging.gimnasiovermont.edu.co\/en\/department-of-religious-formation\/#primaryimage","url":"https:\/\/staging.gimnasiovermont.edu.co\/wp-content\/uploads\/2021\/09\/Diseno-sin-titulo-6.png","contentUrl":"https:\/\/staging.gimnasiovermont.edu.co\/wp-content\/uploads\/2021\/09\/Diseno-sin-titulo-6.png"},{"@type":"BreadcrumbList","@id":"https:\/\/staging.gimnasiovermont.edu.co\/en\/department-of-religious-formation\/#breadcrumb","itemListElement":[{"@type":"ListItem","position":1,"name":"Inicio","item":"https:\/\/staging.gimnasiovermont.edu.co\/en\/"},{"@type":"ListItem","position":2,"name":"Department of Religious Formation"}]},{"@type":"WebSite","@id":"https:\/\/staging.gimnasiovermont.edu.co\/#website","url":"https:\/\/staging.gimnasiovermont.edu.co\/","name":"Gimnasio Vermont","description":"","publisher":{"@id":"https:\/\/staging.gimnasiovermont.edu.co\/#organization"},"potentialAction":[{"@type":"SearchAction","target":{"@type":"EntryPoint","urlTemplate":"https:\/\/staging.gimnasiovermont.edu.co\/?s={search_term_string}"},"query-input":{"@type":"PropertyValueSpecification","valueRequired":true,"valueName":"search_term_string"}}],"inLanguage":"en-US"},{"@type":"Organization","@id":"https:\/\/staging.gimnasiovermont.edu.co\/#organization","name":"Gimnasio Vermont","url":"https:\/\/staging.gimnasiovermont.edu.co\/","logo":{"@type":"ImageObject","inLanguage":"en-US","@id":"https:\/\/staging.gimnasiovermont.edu.co\/#\/schema\/logo\/image\/","url":"https:\/\/staging.gimnasiovermont.edu.co\/wp-content\/uploads\/2021\/01\/logo.svg","contentUrl":"https:\/\/staging.gimnasiovermont.edu.co\/wp-content\/uploads\/2021\/01\/logo.svg","caption":"Gimnasio Vermont"},"image":{"@id":"https:\/\/staging.gimnasiovermont.edu.co\/#\/schema\/logo\/image\/"}}]}},"uagb_featured_image_src":{"full":false,"thumbnail":false,"medium":false,"medium_large":false,"large":false,"1536x1536":false,"2048x2048":false},"uagb_author_info":{"display_name":"Daniela Vargas Nieto","author_link":"https:\/\/staging.gimnasiovermont.edu.co\/en\/author\/comunicacionesgimnasiovermont-edu-co\/"},"uagb_comment_info":0,"uagb_excerpt":"The Religious Formation in our children and teens is aimed towards the principles and values of the Catholic religion, and [&hellip;]","coauthors":[],"author_meta":{"author_link":"https:\/\/staging.gimnasiovermont.edu.co\/en\/author\/comunicacionesgimnasiovermont-edu-co\/","display_name":"Daniela Vargas Nieto"},"relative_dates":{"created":"Posted 3 years ago","modified":"Updated 3 years ago"},"absolute_dates":{"created":"Posted on November 21, 2022","modified":"Updated on November 21, 2022"},"absolute_dates_time":{"created":"Posted on November 21, 2022 6:36 pm","modified":"Updated on November 21, 2022 6:40 pm"},"featured_img_caption":"","featured_img":false,"series_order":"","jetpack_sharing_enabled":true,"_links":{"self":[{"href":"https:\/\/staging.gimnasiovermont.edu.co\/en\/wp-json\/wp\/v2\/pages\/14191","targetHints":{"allow":["GET"]}}],"collection":[{"href":"https:\/\/staging.gimnasiovermont.edu.co\/en\/wp-json\/wp\/v2\/pages"}],"about":[{"href":"https:\/\/staging.gimnasiovermont.edu.co\/en\/wp-json\/wp\/v2\/types\/page"}],"author":[{"embeddable":true,"href":"https:\/\/staging.gimnasiovermont.edu.co\/en\/wp-json\/wp\/v2\/users\/2"}],"replies":[{"embeddable":true,"href":"https:\/\/staging.gimnasiovermont.edu.co\/en\/wp-json\/wp\/v2\/comments?post=14191"}],"version-history":[{"count":0,"href":"https:\/\/staging.gimnasiovermont.edu.co\/en\/wp-json\/wp\/v2\/pages\/14191\/revisions"}],"wp:attachment":[{"href":"https:\/\/staging.gimnasiovermont.edu.co\/en\/wp-json\/wp\/v2\/media?parent=14191"}],"curies":[{"name":"wp","href":"https:\/\/api.w.org\/{rel}","templated":true}]}}